{"id":24151,"date":"2016-06-08T17:53:58","date_gmt":"2016-06-08T17:53:58","guid":{"rendered":"http:\/\/www.fumuecuador.org\/?page_id=24151"},"modified":"2016-06-08T17:58:39","modified_gmt":"2016-06-08T17:58:39","slug":"ecuador-2","status":"publish","type":"page","link":"https:\/\/www.fumuecuador.org\/?page_id=24151&lang=es","title":{"rendered":"Ecuador"},"content":{"rendered":"<section class=\"wpb-content-wrapper\"><p>[vc_row][vc_column css=\u00bb.vc_custom_1462513159084{padding-top: 25px !important;padding-right: 25px !important;padding-bottom: 25px !important;padding-left: 25px !important;background: #0a0a0a url(http:\/\/www.fumuecuador.org\/wp-content\/uploads\/2016\/05\/ecuador2.jpg?id=23882) !important;}\u00bb][vc_row_inner css=\u00bb.vc_custom_1462513191219{margin-right: 25px !important;}\u00bb][vc_column_inner width=\u00bb1\/2&#8243;][vc_column_text]<\/p>\n<p style=\"text-align: justify;\"><span style=\"color: #ebebeb;\"><strong>Ecuador &#8211; Entwicklungsland im Nordwesten S\u00fcdamerikas<\/strong><\/span><\/p>\n<p style=\"text-align: justify;\"><span style=\"color: #ebebeb;\"><strong>Geschichte:<\/strong><\/span><br \/>\n<span style=\"color: #ebebeb;\">Im 15.Jh. unterwarfen die Inka die Urbev\u00f6lkerung von Ecuador; 1533 eroberten die Spanier das n\u00f6rdliche Inka-Reich. Ecuador wurde Anfang des 18.Jh. dem neu geschaffenen Vizek\u00f6nigreichs Neu-Granada zugeschlagen.<\/span><\/p>\n<p style=\"text-align: justify;\"><span style=\"color: #ebebeb;\">Mit Revolution von 1809 begann in Ecuador der Unabh\u00e4ngigkeitskampf, der 1822 endete. 1830 l\u00f6ste sich Ecuador aus dem Dreierbund Gro\u00df-Kolumbien (Kolumbien, Ecuador, Venezuela)<\/span><br \/>\n<span style=\"color: #ebebeb;\">Armut und Arbeitslosigkeit der Bev\u00f6lkerung f\u00fchrten immer wieder zu schweren Unruhen und zur politischen Instabilit\u00e4t mit h\u00e4ufigen Wechsel der Regierungsspitze.<\/span><\/p>\n<p>[\/vc_column_text][\/vc_column_inner][vc_column_inner width=\u00bb1\/2&#8243;][\/vc_column_inner][\/vc_row_inner][\/vc_column][\/vc_row][vc_row][vc_column]<div class=\"boc_spacing \" style=\"height: 55px\"><\/div>[\/vc_column][\/vc_row][vc_row][vc_column]\r\n\t\t<!--New Tabs-->\r\n\t\t<div class=\"newtabs clearfix horizontal \">\r\n\t\t\t<ul class=\"resp-tabs-list\">\r\n\t\t\t<\/ul>\r\n\t\t\t<div class=\"resp-tabs-container\">\r\n\t\t<div class=\"single_tab_div\" rel-title=\"Wirtschaft:\" rel-icon=\"icon icon-display2\">[vc_column_text]<\/p>\n<p style=\"text-align: justify;\">Der Agrarsektor, bis zum Beginn der Erd\u00f6lf\u00f6rderung 1967 Hauptst\u00fctze der Wirtschaft, gewann nach der Erd\u00f6lkrise (Mitte der 80er Jahre) wieder an Bedeutung. 60 % der landwirtschaftlich genutzten Fl\u00e4che entfallen auf die K\u00fcsten-Region, in der f\u00fcr den Export bestimmte Erzeugnisse wie Bananen, Kakao, Kaffee und Zuckerrohr angebaut werden.<\/p>\n<p>Im Andenhochland werden Weizen, Mais, Gem\u00fcse und Kartoffeln zur Eigenversorgung des Landes kultiviert und Viehwirtschaft betrieben. Ausserdem boomten grosse Blumenplantagen bis zur Einf\u00fchrung des US-Dollar als offizielles Zahlungsmittel im Jahr 2000, welcher die Arbeitskraft verteuerte.<\/p>\n<p>Reiche Fanggr\u00fcnde vor der K\u00fcste Ecuadors und um die Galapagos-Inseln erm\u00f6glichen Hochsee- und K\u00fcstenfischerei. Ecuador verf\u00fcgt im Amazonas-Tiefland \u00fcber Erd\u00f6l- und Erdgasvorkommen. Erd\u00f6l ist das Hauptexportgut Ecuadors.<\/p>\n<p>Die Auslandsverschuldung ist sehr hoch. Ecuador gilt zu den L\u00e4ndern mit der h\u00f6chsten Pro-Kopf-Verschuldung in S\u00fcdamerika.<\/p>\n<p>[\/vc_column_text]<\/div><div class=\"single_tab_div\" rel-title=\"20. August 2011: \" rel-icon=\"icon icon-hourglass\">[vc_column_text]<\/p>\n<p class=\"Estilo3\" style=\"text-align: justify;\" align=\"justify\"><strong>20. August 2011: Kleiner \u00dcberblick \u00fcber die Preise in Ecuador:<\/strong><\/p>\n<p class=\"Estilo3\" style=\"text-align: justify;\" align=\"justify\"><strong>Der Tageslohn eines Arbeiters betr\u00e4gt ca. 10 US$<\/strong><\/p>\n<p class=\"Estilo3\" style=\"text-align: justify;\" align=\"justify\"><strong>Der gesetzliche Mindestlohn f\u00fcr Angestellte betr\u00e4gt 260 US$ monatlich, wobei nur 38% der arbeitsf\u00e4higen Bev\u00f6lkerung einen festen Arbeitsvertrag hat.<br \/>\n<\/strong><br \/>\nDamit Sie einen \u00dcberblick \u00fcber die Preisverh\u00e4ltnisse in Ecuador erhalten, hier einige Beispiele:<\/p>\n<div align=\"justify\">\n<ul style=\"text-align: justify;\" type=\"disc\">\n<li class=\"Estilo3\">1 Br\u00f6tchen = 10 Cent<\/li>\n<li class=\"Estilo3\">1 Liter Frisch-Milch = 50 Cent (direkt von der Kuh)<\/li>\n<li class=\"Estilo3\">1 Liter Milch TetraPack = 1,29 US$ (gibt es in San Gabriel nicht)<\/li>\n<li class=\"Estilo3\">1 Ei = 10 Cent<\/li>\n<li class=\"Estilo3\">6 Karotten = 70 Cent<\/li>\n<li class=\"Estilo3\">400 g Fleisch (mit Knochen) = 1,80 US$<\/li>\n<li class=\"Estilo3\">300 g Erbsen = 1 US$<\/li>\n<li class=\"Estilo3\">Transport Bergdorf zum Ort San Gabriel = 1,50 US$ einfach<\/li>\n<li class=\"Estilo3\">Transport eines Kindes zur Schule = 5-25 US$ monatlich<\/li>\n<li class=\"Estilo3\">Schulbedarf f\u00fcr ein Jahr = ca. 45 US$<\/li>\n<li class=\"Estilo3\">Schuluniform \u201ceinfach\u201d von ca. 20 &#8211; 40 US$<br \/>\n(nur Jogging-Anzug; in vielen Schulen die einzige \u00abUniform\u00bb &#8211; in anderen Schulen werden noch R\u00f6cke, Hosen, Blusen, Jacken etc. gefordert)<\/li>\n<\/ul>\n<\/div>\n<p>[\/vc_column_text]<\/div><div class=\"single_tab_div\" rel-title=\"Politisches System:\" rel-icon=\"icon icon-copy-file\">[vc_column_text]<\/p>\n<p class=\"Estilo3\" style=\"text-align: justify;\" align=\"justify\">Nach der 19.Verfassung von 1998 ist Ecuador eine pr\u00e4sidiale Republik. Die Amtszeit des Pr\u00e4sidenten betr\u00e4gt vier Jahre.<br \/>\nEcuador ist inkl. der Galapagos-Inseln in 24 Provinzen unterteilt, welche sich auf die 4 Regionen Ecuadors erstrecken \u2013 das Hochland, die K\u00fcste, der Regenwald und Gal\u00e1pagos.<\/p>\n<table border=\"1\" width=\"98%\" cellspacing=\"0\" cellpadding=\"2\">\n<tbody>\n<tr>\n<td class=\"Estilo2\" colspan=\"2\"><strong>Ecuador in Zahlen:<\/strong><\/td>\n<\/tr>\n<tr>\n<td class=\"Estilo2\" valign=\"top\" width=\"41%\">Fl\u00e4che :<\/td>\n<td class=\"Estilo2\" valign=\"top\" width=\"59%\">256.370 qkm (kleinster Andenstaat)<\/td>\n<\/tr>\n<tr>\n<td class=\"Estilo2\" valign=\"top\">Einwohner :<\/td>\n<td class=\"Estilo2\" valign=\"top\">14,3 Millionen<\/td>\n<\/tr>\n<tr>\n<td class=\"Estilo2\" valign=\"top\">Hauptstadt:<\/td>\n<td class=\"Estilo2\" valign=\"top\">Quito (2,4 Millionen Einwohner)<\/td>\n<\/tr>\n<tr>\n<td class=\"Estilo2\" valign=\"top\">Sprachen :<\/td>\n<td class=\"Estilo2\" valign=\"top\">offiziell : Spanisch; auch Quechua, Shuar und andere Indianersprachen<\/td>\n<\/tr>\n<tr>\n<td class=\"Estilo2\" valign=\"top\">Ethnische Gruppen :<\/td>\n<td class=\"Estilo2\" valign=\"top\">Mestizen (60 %); Indios (21 %); wei\u00dfe (12 % ), Schwarze (3 %)<\/td>\n<\/tr>\n<tr>\n<td class=\"Estilo2\" valign=\"top\">Religionen :<\/td>\n<td class=\"Estilo2\" valign=\"top\">Katholiken (90 %); Protestanten (8 %)<br \/>\ntrotz Religionsfreiheit seit 1904)<\/td>\n<\/tr>\n<tr>\n<td class=\"Estilo2\" valign=\"top\">Bev\u00f6lkerungsdichte :<\/td>\n<td class=\"Estilo2\" valign=\"top\">55 Einwohner\/qkm<\/td>\n<\/tr>\n<tr>\n<td class=\"Estilo2\" valign=\"top\">Analphabetenrate :<\/td>\n<td class=\"Estilo2\" valign=\"top\">10% (gro\u00dfes Stadt- Landgef\u00e4lle)<\/td>\n<\/tr>\n<tr>\n<td class=\"Estilo2\" valign=\"top\">Mindestlohn :<\/td>\n<td class=\"Estilo2\" valign=\"top\">264 US-Dollar \/Monat ( im Jahr 2011)<\/td>\n<\/tr>\n<tr>\n<td class=\"Estilo2\" valign=\"top\">Kommunikations- bzw. Wohlstandsraten:<\/td>\n<td class=\"Estilo2\" valign=\"top\">&#8211; 1 Telefon pro 20 Einwohner<br \/>\n&#8211; 1 Fernseher pro 12 Einwohner<\/td>\n<\/tr>\n<tr>\n<td class=\"Estilo2\" valign=\"top\">Gesundheitswesen:<\/td>\n<td class=\"Estilo2\" valign=\"top\">12 \u00c4rzte pro 10.000 Einwohner<br \/>\n&#8211; 20 Krankenhausbetten pro 10.000 Einwohner<\/td>\n<\/tr>\n<\/tbody>\n<\/table>\n<p>[\/vc_column_text]<\/div><div class=\"single_tab_div\" rel-title=\"Die Untersuchung bei einem Arzt\" rel-icon=\"icon icon-calendar3\">[vc_column_text]<\/p>\n<p style=\"text-align: justify;\">Die Untersuchung bei einem Arzt in San Gabriel kostet ca. 8 US$ &#8211; ohne Laboruntersuchungen oder \u00e4hnliches inbegriffen. Eine einfache \u00abEntwurmung\u00bb kostet ca. 10 Dollar  &#8211; Die Vitamine f\u00fcr ein Kind pro Monat ca. 5 Dollar und die Behandlung einer Darminfektion mit Antibiotika ca. 15 Dollar.<br \/>\nF\u00fcr eine Untersuchung durch einen Spezialisten muss man nach Quito fahren &#8211; das sind ca. 5 Stunden im Bus von San Gabriel aus; die Fahrt kosten 6 US$ einfach.<\/p>\n<p>Der Spezialist in Quito kostet 40 US$ &#8211; ohne irgendwelche speziellen Labor-, R\u00f6ntgen-, Ultraschalluntersuchungen etc.<\/p>\n<p>[\/vc_column_text]<\/div><\/div>\r\n\t\t\t\t<\/div>[\/vc_column][\/vc_row]<\/p>\n<\/section>","protected":false},"excerpt":{"rendered":"<p>[vc_row][vc_column css=\u00bb.vc_custom_1462513159084{padding-top: 25px !important;padding-right: 25px !important;padding-bottom: 25px !important;padding-left: 25px !important;background: #0a0a0a url(http:\/\/www.fumuecuador.org\/wp-content\/uploads\/2016\/05\/ecuador2.jpg?id=23882) !important;}\u00bb][vc_row_inner css=\u00bb.vc_custom_1462513191219{margin-right: 25px !important;}\u00bb][vc_column_inner width=\u00bb1\/2&#8243;][vc_column_text] Ecuador &#8211; Entwicklungsland im Nordwesten S\u00fcdamerikas Geschichte: Im 15.Jh. unterwarfen die Inka die Urbev\u00f6lkerung von Ecuador; 1533 eroberten die Spanier das n\u00f6rdliche Inka-Reich. Ecuador wurde Anfang des 18.Jh. dem neu geschaffenen Vizek\u00f6nigreichs Neu-Granada zugeschlagen. Mit Revolution von 1809 begann in Ecuador der Unabh\u00e4ngigkeitskampf,<\/p>\n<div class=\"h10\"><\/div>\n<p><a class=\"more-link2 flat\" href=\"https:\/\/www.fumuecuador.org\/?page_id=24151&#038;lang=es\">Read more<\/a><\/p>\n","protected":false},"author":1,"featured_media":0,"parent":0,"menu_order":0,"comment_status":"closed","ping_status":"closed","template":"","meta":[],"_links":{"self":[{"href":"https:\/\/www.fumuecuador.org\/index.php?rest_route=\/wp\/v2\/pages\/24151"}],"collection":[{"href":"https:\/\/www.fumuecuador.org\/index.php?rest_route=\/wp\/v2\/pages"}],"about":[{"href":"https:\/\/www.fumuecuador.org\/index.php?rest_route=\/wp\/v2\/types\/page"}],"author":[{"embeddable":true,"href":"https:\/\/www.fumuecuador.org\/index.php?rest_route=\/wp\/v2\/users\/1"}],"replies":[{"embeddable":true,"href":"https:\/\/www.fumuecuador.org\/index.php?rest_route=%2Fwp%2Fv2%2Fcomments&post=24151"}],"version-history":[{"count":1,"href":"https:\/\/www.fumuecuador.org\/index.php?rest_route=\/wp\/v2\/pages\/24151\/revisions"}],"predecessor-version":[{"id":24152,"href":"https:\/\/www.fumuecuador.org\/index.php?rest_route=\/wp\/v2\/pages\/24151\/revisions\/24152"}],"wp:attachment":[{"href":"https:\/\/www.fumuecuador.org\/index.php?rest_route=%2Fwp%2Fv2%2Fmedia&parent=24151"}],"curies":[{"name":"wp","href":"https:\/\/api.w.org\/{rel}","templated":true}]}}